{"id":89073,"date":"2019-04-09T20:36:24","date_gmt":"2019-04-09T18:36:24","guid":{"rendered":"https:\/\/www.klyster.nl\/?page_id=89073"},"modified":"2026-03-31T09:37:57","modified_gmt":"2026-03-31T07:37:57","slug":"stifting-freonen-fan-de-klyster","status":"publish","type":"page","link":"https:\/\/www.klyster.nl\/fy\/stifting-freonen-fan-de-klyster\/","title":{"rendered":"Stifting Freonen fan De Klyster"},"content":{"rendered":"<div id='full_slider_1'  class='avia-fullwidth-slider main_color avia-shadow   avia-builder-el-0  el_before_av_one_fifth  avia-builder-el-first   container_wrap sidebar_right'  ><div  class='avia-slideshow av-lteqj8ci-49460e975a2a4cf5a56b1b3dd7876f14 avia-slideshow-featured_large av_slideshow_full avia-slide-slider av-slideshow-ui av-control-default av-slideshow-manual av-loop-once av-loop-manual-endless av-default-height-applied   avia-slideshow-1' data-slideshow-options=\"{&quot;animation&quot;:&quot;slide&quot;,&quot;autoplay&quot;:false,&quot;loop_autoplay&quot;:&quot;once&quot;,&quot;interval&quot;:5,&quot;loop_manual&quot;:&quot;manual-endless&quot;,&quot;autoplay_stopper&quot;:false,&quot;noNavigation&quot;:false,&quot;bg_slider&quot;:false,&quot;keep_padding&quot;:false,&quot;hoverpause&quot;:false,&quot;show_slide_delay&quot;:0}\"  itemprop=\"image\" itemscope=\"itemscope\" itemtype=\"https:\/\/schema.org\/ImageObject\" ><ul class='avia-slideshow-inner ' style='padding-bottom: 42%;'><li  class='avia-slideshow-slide av-lteqj8ci-49460e975a2a4cf5a56b1b3dd7876f14__0  av-single-slide slide-1 slide-odd'><div data-rel='slideshow-1' class='avia-slide-wrap '   ><img decoding=\"async\" class=\"wp-image-91495 avia-img-lazy-loading-not-91495\"  src=\"https:\/\/www.klyster.nl\/wp-content\/uploads\/2024\/03\/Bestjoersfoto-Freonen-fan-De-Klyster-15-11-2023-pdf-grafie-07634-1500x630.jpg\" width=\"1500\" height=\"630\" title='Bestjoersfoto Freonen fan De Klyster 15-11-2023 pdf-grafie-07634' alt=''  itemprop=\"thumbnailUrl\"   \/><\/div><\/li><\/ul><\/div><\/div><div id='after_full_slider_1'  class='main_color av_default_container_wrap container_wrap sidebar_right'  ><div class='container av-section-cont-open' ><div class='template-page content  av-content-small alpha units'><div class='post-entry post-entry-type-page post-entry-89073'><div class='entry-content-wrapper clearfix'>\n\n<style type=\"text\/css\" data-created_by=\"avia_inline_auto\" id=\"style-css-av-av_one_fifth-25347b0a799d5b9f7058434b2a9c3182\">\n.flex_column.av-av_one_fifth-25347b0a799d5b9f7058434b2a9c3182{\n-webkit-border-radius:0px 0px 0px 0px;\n-moz-border-radius:0px 0px 0px 0px;\nborder-radius:0px 0px 0px 0px;\npadding:0px 0px 0px 0px;\n}\n<\/style>\n<div class='flex_column av-av_one_fifth-25347b0a799d5b9f7058434b2a9c3182 av_one_fifth  avia-builder-el-1  el_after_av_slideshow_full  el_before_av_three_fifth  avia-builder-el-first  first flex_column_div av-zero-column-padding '     ><\/div>\n\n<style type=\"text\/css\" data-created_by=\"avia_inline_auto\" id=\"style-css-av-2s9177-60a25aa984feb7579f374c2267d8a2b0\">\n.flex_column.av-2s9177-60a25aa984feb7579f374c2267d8a2b0{\n-webkit-border-radius:0px 0px 0px 0px;\n-moz-border-radius:0px 0px 0px 0px;\nborder-radius:0px 0px 0px 0px;\npadding:0px 0px 0px 0px;\n}\n<\/style>\n<div class='flex_column av-2s9177-60a25aa984feb7579f374c2267d8a2b0 av_three_fifth  avia-builder-el-2  el_after_av_one_fifth  el_before_av_one_fifth  flex_column_div av-zero-column-padding '     ><section  class='av_textblock_section av-junxzk2f-04546b02647e28440a5a89e93be286f7'  itemscope=\"itemscope\" itemtype=\"https:\/\/schema.org\/CreativeWork\" ><div class='avia_textblock'  itemprop=\"text\" ><h1>Stifting Freonen fan De Klyster<\/h1>\n<p style=\"font-weight: 400;\">Tsjintwurdich komme bern hieltyd minder b\u00fbten. De stifting is oprjochte om inisjativen te stypjen dy\u2019t bern bel\u00fbke by de natuer yn regio Noardeast-Frysl\u00e2n. D\u00earom stipet de stifting De Klyster.<\/p>\n<p style=\"font-weight: 400;\">De Stifting Freonen fan De Klyster freget \u00fb.o. projektsubsydzjes oan, dy\u2019t br\u00fbkt wurde om bern praktysk yn de kunde komme te litten mei de natuer en it l\u00e2nskip.<\/p>\n<h2>It bestjoer<\/h2>\n<\/div><\/section><\/div>\n\n<style type=\"text\/css\" data-created_by=\"avia_inline_auto\" id=\"style-css-av-41s1tv-c1df824d3a3443cd3a3dec348f659e48\">\n.flex_column.av-41s1tv-c1df824d3a3443cd3a3dec348f659e48{\n-webkit-border-radius:0px 0px 0px 0px;\n-moz-border-radius:0px 0px 0px 0px;\nborder-radius:0px 0px 0px 0px;\npadding:0px 0px 0px 0px;\n}\n<\/style>\n<div class='flex_column av-41s1tv-c1df824d3a3443cd3a3dec348f659e48 av_one_fifth  avia-builder-el-4  el_after_av_three_fifth  el_before_av_section  avia-builder-el-last  flex_column_div av-zero-column-padding '     ><\/div>\n<\/div><\/div><\/div><!-- close content main div --><\/div><\/div><div id='av_section_1'  class='avia-section av-lpccc6wk-6b138e6b13eac255b256a629cefaeef7 main_color avia-section-no-padding avia-no-border-styling  avia-builder-el-5  el_after_av_one_fifth  el_before_av_one_fifth  avia-bg-style-scroll container_wrap sidebar_right'  ><div class='container av-section-cont-open' ><div class='template-page content  av-content-small alpha units'><div class='post-entry post-entry-type-page post-entry-89073'><div class='entry-content-wrapper clearfix'>\n\n<style type=\"text\/css\" data-created_by=\"avia_inline_auto\" id=\"style-css-av-av_one_third-25347b0a799d5b9f7058434b2a9c3182\">\n.flex_column.av-av_one_third-25347b0a799d5b9f7058434b2a9c3182{\n-webkit-border-radius:0px 0px 0px 0px;\n-moz-border-radius:0px 0px 0px 0px;\nborder-radius:0px 0px 0px 0px;\npadding:0px 0px 0px 0px;\n}\n<\/style>\n<div class='flex_column av-av_one_third-25347b0a799d5b9f7058434b2a9c3182 av_one_third  avia-builder-el-6  el_before_av_one_third  avia-builder-el-first  first flex_column_div av-zero-column-padding '     ><section  class='avia-team-member av-lp9o6b75-fde8d03ad4823a8e082f4da72faa0129  avia-builder-el-7  avia-builder-el-no-sibling '  itemscope=\"itemscope\" itemtype=\"https:\/\/schema.org\/Person\" ><div class=\"team-img-container\"><img decoding=\"async\" class='wp-image-90103 avia-img-lazy-loading-not-90103 avia_image avia_image_team' src=\"https:\/\/www.klyster.nl\/wp-content\/uploads\/2023\/11\/Bertus-lacht-495x400.jpg\" alt='Bertus Mulder'  itemprop=\"image\"   height=\"400\" width=\"495\" srcset=\"https:\/\/www.klyster.nl\/wp-content\/uploads\/2023\/11\/Bertus-lacht-495x400.jpg 495w, https:\/\/www.klyster.nl\/wp-content\/uploads\/2023\/11\/Bertus-lacht-845x684.jpg 845w\" sizes=\"(max-width: 495px) 100vw, 495px\" \/><\/div><h3 class='team-member-name '  itemprop=\"name\" >Bertus Mulder<\/h3><div class='team-member-job-title '  itemprop=\"jobTitle\" >foarsitter<\/div><div class='team-member-description '  itemprop=\"description\" ><p>Minsken, bisten en planten besteane troch de waarmte fan de sinne, de soerstof yn de loft en it wetter fan de wolken. It is oan \u00fas om dat te hoedzjen en te noedzjen.<\/p>\n<\/div><span class='hidden team-member-affiliation'  itemprop=\"affiliation\" >Natuur- en Milieu Educatie Centrum De Klyster<\/span><\/section><\/div>\n<style type=\"text\/css\" data-created_by=\"avia_inline_auto\" id=\"style-css-av-av_one_third-f7c1061df29de8cca6b42fcf455fe4a0\">\n.flex_column.av-av_one_third-f7c1061df29de8cca6b42fcf455fe4a0{\n-webkit-border-radius:0px 0px 0px 0px;\n-moz-border-radius:0px 0px 0px 0px;\nborder-radius:0px 0px 0px 0px;\npadding:0px 0px 0px 0px;\n}\n<\/style>\n<div class='flex_column av-av_one_third-f7c1061df29de8cca6b42fcf455fe4a0 av_one_third  avia-builder-el-8  el_after_av_one_third  el_before_av_one_third  flex_column_div av-zero-column-padding '     ><section  class='avia-team-member av-lp9o936n-8beb672af04fc124d1944a0d959b6a36  avia-builder-el-9  avia-builder-el-no-sibling '  itemscope=\"itemscope\" itemtype=\"https:\/\/schema.org\/Person\" ><div class=\"team-img-container\"><img decoding=\"async\" class='wp-image-90105 avia-img-lazy-loading-not-90105 avia_image avia_image_team' src=\"https:\/\/www.klyster.nl\/wp-content\/uploads\/2023\/11\/Durk-lacht-495x400.jpg\" alt='Durk Holwerda'  itemprop=\"image\"   height=\"400\" width=\"495\" srcset=\"https:\/\/www.klyster.nl\/wp-content\/uploads\/2023\/11\/Durk-lacht-495x400.jpg 495w, https:\/\/www.klyster.nl\/wp-content\/uploads\/2023\/11\/Durk-lacht-845x684.jpg 845w\" sizes=\"(max-width: 495px) 100vw, 495px\" \/><\/div><h3 class='team-member-name '  itemprop=\"name\" >Durk Holwerda<\/h3><div class='team-member-job-title '  itemprop=\"jobTitle\" >siktaris<\/div><div class='team-member-description '  itemprop=\"description\" ><p>Natuer moast jong erfare; dat nimst dyn hiele fierdere libben mei.<\/p>\n<\/div><span class='hidden team-member-affiliation'  itemprop=\"affiliation\" >Natuur- en Milieu Educatie Centrum De Klyster<\/span><\/section><\/div>\n<style type=\"text\/css\" data-created_by=\"avia_inline_auto\" id=\"style-css-av-av_one_third-f7c1061df29de8cca6b42fcf455fe4a0\">\n.flex_column.av-av_one_third-f7c1061df29de8cca6b42fcf455fe4a0{\n-webkit-border-radius:0px 0px 0px 0px;\n-moz-border-radius:0px 0px 0px 0px;\nborder-radius:0px 0px 0px 0px;\npadding:0px 0px 0px 0px;\n}\n<\/style>\n<div class='flex_column av-av_one_third-f7c1061df29de8cca6b42fcf455fe4a0 av_one_third  avia-builder-el-10  el_after_av_one_third  el_before_av_one_third  flex_column_div av-zero-column-padding '     ><section  class='avia-team-member av-lp9obc4z-67e8b907090d3f116629fe0963d88a46  avia-builder-el-11  avia-builder-el-no-sibling '  itemscope=\"itemscope\" itemtype=\"https:\/\/schema.org\/Person\" ><div class=\"team-img-container\"><img decoding=\"async\" class='wp-image-90107 avia-img-lazy-loading-not-90107 avia_image avia_image_team' src=\"https:\/\/www.klyster.nl\/wp-content\/uploads\/2023\/11\/Thom-lacht-2-495x400.jpg\" alt='Thom Feddema'  itemprop=\"image\"   height=\"400\" width=\"495\" srcset=\"https:\/\/www.klyster.nl\/wp-content\/uploads\/2023\/11\/Thom-lacht-2-495x400.jpg 495w, https:\/\/www.klyster.nl\/wp-content\/uploads\/2023\/11\/Thom-lacht-2-845x684.jpg 845w\" sizes=\"(max-width: 495px) 100vw, 495px\" \/><\/div><h3 class='team-member-name '  itemprop=\"name\" >Thom Feddema<\/h3><div class='team-member-job-title '  itemprop=\"jobTitle\" >pongh\u00e2lder<\/div><div class='team-member-description '  itemprop=\"description\" ><p>Bern en natoer, d\u00e9 takomst seit dit bestjoer!<\/p>\n<\/div><span class='hidden team-member-affiliation'  itemprop=\"affiliation\" >Natuur- en Milieu Educatie Centrum De Klyster<\/span><\/section><\/div>\n<style type=\"text\/css\" data-created_by=\"avia_inline_auto\" id=\"style-css-av-av_one_third-25347b0a799d5b9f7058434b2a9c3182\">\n.flex_column.av-av_one_third-25347b0a799d5b9f7058434b2a9c3182{\n-webkit-border-radius:0px 0px 0px 0px;\n-moz-border-radius:0px 0px 0px 0px;\nborder-radius:0px 0px 0px 0px;\npadding:0px 0px 0px 0px;\n}\n<\/style>\n<div class='flex_column av-av_one_third-25347b0a799d5b9f7058434b2a9c3182 av_one_third  avia-builder-el-12  el_after_av_one_third  el_before_av_one_third  first flex_column_div av-zero-column-padding column-top-margin'     ><section  class='avia-team-member av-lp9oe5ss-2d20551f2e5a015c26f7751de247269c  avia-builder-el-13  avia-builder-el-no-sibling '  itemscope=\"itemscope\" itemtype=\"https:\/\/schema.org\/Person\" ><div class=\"team-img-container\"><img decoding=\"async\" class='wp-image-90109 avia-img-lazy-loading-not-90109 avia_image avia_image_team' src=\"https:\/\/www.klyster.nl\/wp-content\/uploads\/2023\/11\/Sippy-met-plu-495x400.jpg\" alt='Sippy Tigchelaar'  itemprop=\"image\"   height=\"400\" width=\"495\" srcset=\"https:\/\/www.klyster.nl\/wp-content\/uploads\/2023\/11\/Sippy-met-plu-495x400.jpg 495w, https:\/\/www.klyster.nl\/wp-content\/uploads\/2023\/11\/Sippy-met-plu-845x684.jpg 845w\" sizes=\"(max-width: 495px) 100vw, 495px\" \/><\/div><h3 class='team-member-name '  itemprop=\"name\" >Sippy Tigchelaar<\/h3><div class='team-member-job-title '  itemprop=\"jobTitle\" >bestjoerslid<\/div><div class='team-member-description '  itemprop=\"description\" ><p>De natuer sjen, fiele, hearre, priuwe en r\u00fbke, dy ferw\u00fbndering ferbynt \u00fas mei it l\u00e2nskip en dy sensaasje komt alle bern ta.<\/p>\n<\/div><span class='hidden team-member-affiliation'  itemprop=\"affiliation\" >Natuur- en Milieu Educatie Centrum De Klyster<\/span><\/section><\/div>\n<style type=\"text\/css\" data-created_by=\"avia_inline_auto\" id=\"style-css-av-av_one_third-f7c1061df29de8cca6b42fcf455fe4a0\">\n.flex_column.av-av_one_third-f7c1061df29de8cca6b42fcf455fe4a0{\n-webkit-border-radius:0px 0px 0px 0px;\n-moz-border-radius:0px 0px 0px 0px;\nborder-radius:0px 0px 0px 0px;\npadding:0px 0px 0px 0px;\n}\n<\/style>\n<div class='flex_column av-av_one_third-f7c1061df29de8cca6b42fcf455fe4a0 av_one_third  avia-builder-el-14  el_after_av_one_third  el_before_av_one_third  flex_column_div av-zero-column-padding column-top-margin'     ><section  class='avia-team-member av-lp9ofktb-c74f16c710916734f43bae551437bfa9  avia-builder-el-15  avia-builder-el-no-sibling '  itemscope=\"itemscope\" itemtype=\"https:\/\/schema.org\/Person\" ><div class=\"team-img-container\"><img decoding=\"async\" class='wp-image-90111 avia-img-lazy-loading-not-90111 avia_image avia_image_team' src=\"https:\/\/www.klyster.nl\/wp-content\/uploads\/2023\/11\/Oege-Jan-lacht-495x400.jpg\" alt='Oege Jan Leegstra'  itemprop=\"image\"   height=\"400\" width=\"495\" srcset=\"https:\/\/www.klyster.nl\/wp-content\/uploads\/2023\/11\/Oege-Jan-lacht-495x400.jpg 495w, https:\/\/www.klyster.nl\/wp-content\/uploads\/2023\/11\/Oege-Jan-lacht-845x684.jpg 845w\" sizes=\"(max-width: 495px) 100vw, 495px\" \/><\/div><h3 class='team-member-name '  itemprop=\"name\" >Oege Jan Leegstra<\/h3><div class='team-member-job-title '  itemprop=\"jobTitle\" >bestjoerslid<\/div><span class='hidden team-member-affiliation'  itemprop=\"affiliation\" >Natuur- en Milieu Educatie Centrum De Klyster<\/span><\/section><\/div>\n<style type=\"text\/css\" data-created_by=\"avia_inline_auto\" id=\"style-css-av-av_one_third-f7c1061df29de8cca6b42fcf455fe4a0\">\n.flex_column.av-av_one_third-f7c1061df29de8cca6b42fcf455fe4a0{\n-webkit-border-radius:0px 0px 0px 0px;\n-moz-border-radius:0px 0px 0px 0px;\nborder-radius:0px 0px 0px 0px;\npadding:0px 0px 0px 0px;\n}\n<\/style>\n<div class='flex_column av-av_one_third-f7c1061df29de8cca6b42fcf455fe4a0 av_one_third  avia-builder-el-16  el_after_av_one_third  avia-builder-el-last  flex_column_div av-zero-column-padding column-top-margin'     ><section  class='avia-team-member av-lpb99tr6-f7db10a1aac20875185bfcb4b9f29135  avia-builder-el-17  avia-builder-el-no-sibling '  itemscope=\"itemscope\" itemtype=\"https:\/\/schema.org\/Person\" ><div class=\"team-img-container\"><img decoding=\"async\" class='wp-image-90127 avia-img-lazy-loading-not-90127 avia_image avia_image_team' src=\"https:\/\/www.klyster.nl\/wp-content\/uploads\/2023\/11\/Marjolein-lacht-3-495x400.jpg\" alt='Marjolein Staal'  itemprop=\"image\"   height=\"400\" width=\"495\" srcset=\"https:\/\/www.klyster.nl\/wp-content\/uploads\/2023\/11\/Marjolein-lacht-3-495x400.jpg 495w, https:\/\/www.klyster.nl\/wp-content\/uploads\/2023\/11\/Marjolein-lacht-3-845x684.jpg 845w\" sizes=\"(max-width: 495px) 100vw, 495px\" \/><\/div><h3 class='team-member-name '  itemprop=\"name\" >Marjolein Staal<\/h3><div class='team-member-job-title '  itemprop=\"jobTitle\" >bestjoersadviseur<\/div><div class='team-member-description '  itemprop=\"description\" ><p>Alle bern nei b\u00fbten en genietsje fan de natoer! Dat moatte wij stypje. Wurd d\u00earom ek lid fan \u00fas freonenklup.<\/p>\n<\/div><span class='hidden team-member-affiliation'  itemprop=\"affiliation\" >Natuur- en Milieu Educatie Centrum De Klyster<\/span><\/section><\/div>\n<\/div><\/div><\/div><!-- close content main div --><\/div><\/div><div id='after_section_1'  class='main_color av_default_container_wrap container_wrap sidebar_right'  ><div class='container av-section-cont-open' ><div class='template-page content  av-content-small alpha units'><div class='post-entry post-entry-type-page post-entry-89073'><div class='entry-content-wrapper clearfix'>\n\n<style type=\"text\/css\" data-created_by=\"avia_inline_auto\" id=\"style-css-av-av_one_fifth-25347b0a799d5b9f7058434b2a9c3182\">\n.flex_column.av-av_one_fifth-25347b0a799d5b9f7058434b2a9c3182{\n-webkit-border-radius:0px 0px 0px 0px;\n-moz-border-radius:0px 0px 0px 0px;\nborder-radius:0px 0px 0px 0px;\npadding:0px 0px 0px 0px;\n}\n<\/style>\n<div class='flex_column av-av_one_fifth-25347b0a799d5b9f7058434b2a9c3182 av_one_fifth  avia-builder-el-18  el_after_av_section  el_before_av_three_fifth  avia-builder-el-first  first flex_column_div av-zero-column-padding '     ><\/div>\n\n<style type=\"text\/css\" data-created_by=\"avia_inline_auto\" id=\"style-css-av-av_three_fifth-f7c1061df29de8cca6b42fcf455fe4a0\">\n.flex_column.av-av_three_fifth-f7c1061df29de8cca6b42fcf455fe4a0{\n-webkit-border-radius:0px 0px 0px 0px;\n-moz-border-radius:0px 0px 0px 0px;\nborder-radius:0px 0px 0px 0px;\npadding:0px 0px 0px 0px;\n}\n<\/style>\n<div class='flex_column av-av_three_fifth-f7c1061df29de8cca6b42fcf455fe4a0 av_three_fifth  avia-builder-el-19  el_after_av_one_fifth  avia-builder-el-last  flex_column_div av-zero-column-padding '     ><section  class='av_textblock_section av-lp9ns4vf-cefdce4e5b4f9519bfa0cbebccb04f8f'  itemscope=\"itemscope\" itemtype=\"https:\/\/schema.org\/CreativeWork\" ><div class='avia_textblock'  itemprop=\"text\" ><h2>ANBI<\/h2>\n<div><span lang=\"FY\">Stifting Freonen fan De Klyster is een algemien nut be\u00ebagjende ynstelling en hat de ANBI-status.<\/span><\/div>\n<p><img loading=\"lazy\" decoding=\"async\" class=\"alignright size-medium wp-image-21582\" src=\"https:\/\/www.klyster.nl\/wp-content\/uploads\/2022\/03\/logo-freonen-fan-de-klyster-300x238.jpg\" alt=\"\" width=\"300\" height=\"238\" srcset=\"https:\/\/www.klyster.nl\/wp-content\/uploads\/2022\/03\/logo-freonen-fan-de-klyster-300x238.jpg 300w, https:\/\/www.klyster.nl\/wp-content\/uploads\/2022\/03\/logo-freonen-fan-de-klyster-768x608.jpg 768w, https:\/\/www.klyster.nl\/wp-content\/uploads\/2022\/03\/logo-freonen-fan-de-klyster-705x558.jpg 705w, https:\/\/www.klyster.nl\/wp-content\/uploads\/2022\/03\/logo-freonen-fan-de-klyster-450x356.jpg 450w, https:\/\/www.klyster.nl\/wp-content\/uploads\/2022\/03\/logo-freonen-fan-de-klyster.jpg 778w\" sizes=\"auto, (max-width: 300px) 100vw, 300px\" \/><\/p>\n<h2>Misje<\/h2>\n<p style=\"font-weight: 400;\">Alle bern yn Noardeast-Frysl\u00e2n nei b\u00fbten! Dat is s\u00fbn, jout wille en soarget foar it opbouwen fan in positive b\u00e2n mei de natuer.<\/p>\n<h2>Fyzje<\/h2>\n<p style=\"font-weight: 400;\">Elts bern hat rjocht op natuer. B\u00fbten boartsje en \u00fbntdekke leit te\u2019n gr\u00fbnslach oan duorsum gedrach.<\/p>\n<h2>Freon wurde \/ donearje<\/h2>\n<div>\n<p><span lang=\"FY\">Kinst foar in lyts bedrach yn \u2018t jier Freon wurde. Hoe\u2019t dat giet l\u00east <\/span> <a href=\"\/wp-content\/uploads\/2020\/02\/KlysterFreonenfolder.pdf\" target=\"_blank\" rel=\"noopener\">hier<\/a>.<\/p>\n<div><span lang=\"FY\">Kinst it formulier ynfolje en maile nei <\/span><a href=\"mailto:info@klyster.nl\">info@klyster.nl.<\/a><\/div>\n<\/div>\n<p style=\"font-weight: 400;\">Wolst foar ien kear in jefte dwaan, dan kin dat fansels ek troch dyn jefte oer te meitsjen op NL 40 RABO 0307 8763 65 fan Stifting Freonen fan De Klyster.<\/p>\n<h2>Kontaktgegevens<\/h2>\n<p style=\"font-weight: 400;\">Postadres: Stifting Freonen fan De Klyster<br \/>\nBlauh\u00fasstrjitte 2<br \/>\n9104 EV Damw\u00e2ld<\/p>\n<p style=\"font-weight: 400;\">RSIN n\u00fbmer fan Stifting Freonen fan De Klyster: 8552.70.573<\/p>\n<p style=\"font-weight: 400;\">Mailadres: b.mulder@knid.nl<\/p>\n<p><span style=\"font-size: 28px; font-weight: 600;\">Ferantwurding<\/span><\/p>\n<p><a href=\"https:\/\/www.klyster.nl\/wp-content\/uploads\/2026\/03\/Jierferslach-2025-FfdK-DEF.pdf\">Jierferslach 2025<\/a><\/p>\n<p><a href=\"https:\/\/www.klyster.nl\/wp-content\/uploads\/2025\/05\/Jierferslach-2024-FfdK-DEF.pdf\">Jierferslach 2024<\/a><\/p>\n<p><a href=\"https:\/\/www.klyster.nl\/wp-content\/uploads\/2024\/07\/Jierferslach-2023-FfdK-DEF.pdf\">Jierferslach 2023<\/a><\/p>\n<p><a href=\"https:\/\/www.klyster.nl\/wp-content\/uploads\/2023\/05\/Jierferslach-2022-FfdK-DEF.pdf\">Jierferslach 2022<\/a><\/p>\n<p><a href=\"https:\/\/www.klyster.nl\/wp-content\/uploads\/2022\/06\/Jierferslach-2021-FfdK-DEF.pdf\">Jierferslach 2021<\/a><\/p>\n<p><a href=\"https:\/\/www.klyster.nl\/wp-content\/uploads\/2021\/07\/Jierferslach-2020-FfdK-DEF.pdf\">Jierferslach 2020<\/a><\/p>\n<p><a href=\"https:\/\/www.klyster.nl\/wp-content\/uploads\/2021\/02\/Jierferslach-2019-Freonen-Klyster-DEF.pdf\">Jierferslach 2019<\/a><\/p>\n<p><a href=\"https:\/\/www.klyster.nl\/wp-content\/uploads\/2020\/09\/Jierferslach-2018-Freonen-Klyster-DEF.pdf\">Jierferslach 2018<\/a><\/p>\n<\/div><\/section><\/div>\n","protected":false},"excerpt":{"rendered":"","protected":false},"author":707,"featured_media":0,"parent":0,"menu_order":0,"comment_status":"closed","ping_status":"closed","template":"","meta":{"_acf_changed":false,"footnotes":""},"class_list":["post-89073","page","type-page","status-publish","hentry"],"acf":[],"yoast_head":"<!-- This site is optimized with the Yoast SEO plugin v27.4 - https:\/\/yoast.com\/product\/yoast-seo-wordpress\/ -->\n<title>Stifting Freonen fan De Klyster | Natuur- en Milieu Educatie Centrum De Klyster<\/title>\n<meta name=\"robots\" content=\"index, follow, max-snippet:-1, max-image-preview:large, max-video-preview:-1\" \/>\n<link rel=\"canonical\" href=\"https:\/\/www.klyster.nl\/fy\/stifting-freonen-fan-de-klyster\/\" \/>\n<meta property=\"og:locale\" content=\"en_US\" \/>\n<meta property=\"og:type\" content=\"article\" \/>\n<meta property=\"og:title\" content=\"Stifting Freonen fan De Klyster | Natuur- en Milieu Educatie Centrum De Klyster\" \/>\n<meta property=\"og:url\" content=\"https:\/\/www.klyster.nl\/fy\/stifting-freonen-fan-de-klyster\/\" \/>\n<meta property=\"og:site_name\" content=\"Natuur- en Milieu Educatie Centrum De Klyster\" \/>\n<meta property=\"article:publisher\" content=\"https:\/\/www.facebook.com\/pages\/category\/Nonprofit-Organization\/De-Klyster-183815865735075\/\" \/>\n<meta property=\"article:modified_time\" content=\"2026-03-31T07:37:57+00:00\" \/>\n<meta property=\"og:image\" content=\"https:\/\/www.klyster.nl\/wp-content\/uploads\/2022\/03\/logo-freonen-fan-de-klyster-300x238.jpg\" \/>\n<meta name=\"twitter:card\" content=\"summary_large_image\" \/>\n<script type=\"application\/ld+json\" class=\"yoast-schema-graph\">{\"@context\":\"https:\\\/\\\/schema.org\",\"@graph\":[{\"@type\":\"WebPage\",\"@id\":\"https:\\\/\\\/www.klyster.nl\\\/fy\\\/stifting-freonen-fan-de-klyster\\\/\",\"url\":\"https:\\\/\\\/www.klyster.nl\\\/fy\\\/stifting-freonen-fan-de-klyster\\\/\",\"name\":\"Stifting Freonen fan De Klyster | Natuur- en Milieu Educatie Centrum De Klyster\",\"isPartOf\":{\"@id\":\"https:\\\/\\\/www.klyster.nl\\\/fy\\\/#website\"},\"primaryImageOfPage\":{\"@id\":\"https:\\\/\\\/www.klyster.nl\\\/fy\\\/stifting-freonen-fan-de-klyster\\\/#primaryimage\"},\"image\":{\"@id\":\"https:\\\/\\\/www.klyster.nl\\\/fy\\\/stifting-freonen-fan-de-klyster\\\/#primaryimage\"},\"thumbnailUrl\":\"https:\\\/\\\/www.klyster.nl\\\/wp-content\\\/uploads\\\/2022\\\/03\\\/logo-freonen-fan-de-klyster-300x238.jpg\",\"datePublished\":\"2019-04-09T18:36:24+00:00\",\"dateModified\":\"2026-03-31T07:37:57+00:00\",\"breadcrumb\":{\"@id\":\"https:\\\/\\\/www.klyster.nl\\\/fy\\\/stifting-freonen-fan-de-klyster\\\/#breadcrumb\"},\"inLanguage\":\"fy\",\"potentialAction\":[{\"@type\":\"ReadAction\",\"target\":[\"https:\\\/\\\/www.klyster.nl\\\/fy\\\/stifting-freonen-fan-de-klyster\\\/\"]}]},{\"@type\":\"ImageObject\",\"inLanguage\":\"fy\",\"@id\":\"https:\\\/\\\/www.klyster.nl\\\/fy\\\/stifting-freonen-fan-de-klyster\\\/#primaryimage\",\"url\":\"https:\\\/\\\/www.klyster.nl\\\/wp-content\\\/uploads\\\/2022\\\/03\\\/logo-freonen-fan-de-klyster-300x238.jpg\",\"contentUrl\":\"https:\\\/\\\/www.klyster.nl\\\/wp-content\\\/uploads\\\/2022\\\/03\\\/logo-freonen-fan-de-klyster-300x238.jpg\"},{\"@type\":\"BreadcrumbList\",\"@id\":\"https:\\\/\\\/www.klyster.nl\\\/fy\\\/stifting-freonen-fan-de-klyster\\\/#breadcrumb\",\"itemListElement\":[{\"@type\":\"ListItem\",\"position\":1,\"name\":\"Home\",\"item\":\"https:\\\/\\\/www.klyster.nl\\\/fy\\\/\"},{\"@type\":\"ListItem\",\"position\":2,\"name\":\"Stifting Freonen fan De Klyster\"}]},{\"@type\":\"WebSite\",\"@id\":\"https:\\\/\\\/www.klyster.nl\\\/fy\\\/#website\",\"url\":\"https:\\\/\\\/www.klyster.nl\\\/fy\\\/\",\"name\":\"Natuur- en Milieu Educatie Centrum De Klyster\",\"description\":\"It NME-sintrum foar edukaasje yn natuer en duorsumens foar it basis\u00fbnderwiis yn Noardeast-Frysl\u00e2n.\",\"publisher\":{\"@id\":\"https:\\\/\\\/www.klyster.nl\\\/fy\\\/#organization\"},\"potentialAction\":[{\"@type\":\"SearchAction\",\"target\":{\"@type\":\"EntryPoint\",\"urlTemplate\":\"https:\\\/\\\/www.klyster.nl\\\/fy\\\/?s={search_term_string}\"},\"query-input\":{\"@type\":\"PropertyValueSpecification\",\"valueRequired\":true,\"valueName\":\"search_term_string\"}}],\"inLanguage\":\"fy\"},{\"@type\":\"Organization\",\"@id\":\"https:\\\/\\\/www.klyster.nl\\\/fy\\\/#organization\",\"name\":\"Natuur- en Milieu Educatie Centrum De Klyster\",\"url\":\"https:\\\/\\\/www.klyster.nl\\\/fy\\\/\",\"logo\":{\"@type\":\"ImageObject\",\"inLanguage\":\"fy\",\"@id\":\"https:\\\/\\\/www.klyster.nl\\\/fy\\\/#\\\/schema\\\/logo\\\/image\\\/\",\"url\":\"https:\\\/\\\/www.klyster.nl\\\/wp-content\\\/uploads\\\/2020\\\/03\\\/Logo-Klyster-NIEUW-scaled.jpg\",\"contentUrl\":\"https:\\\/\\\/www.klyster.nl\\\/wp-content\\\/uploads\\\/2020\\\/03\\\/Logo-Klyster-NIEUW-scaled.jpg\",\"width\":2560,\"height\":1345,\"caption\":\"Natuur- en Milieu Educatie Centrum De Klyster\"},\"image\":{\"@id\":\"https:\\\/\\\/www.klyster.nl\\\/fy\\\/#\\\/schema\\\/logo\\\/image\\\/\"},\"sameAs\":[\"https:\\\/\\\/www.facebook.com\\\/pages\\\/category\\\/Nonprofit-Organization\\\/De-Klyster-183815865735075\\\/\",\"https:\\\/\\\/www.instagram.com\\\/deklyster\\\/\"]}]}<\/script>\n<!-- \/ Yoast SEO plugin. -->","yoast_head_json":{"title":"Stifting Freonen fan De Klyster | Natuur- en Milieu Educatie Centrum De Klyster","robots":{"index":"index","follow":"follow","max-snippet":"max-snippet:-1","max-image-preview":"max-image-preview:large","max-video-preview":"max-video-preview:-1"},"canonical":"https:\/\/www.klyster.nl\/fy\/stifting-freonen-fan-de-klyster\/","og_locale":"en_US","og_type":"article","og_title":"Stifting Freonen fan De Klyster | Natuur- en Milieu Educatie Centrum De Klyster","og_url":"https:\/\/www.klyster.nl\/fy\/stifting-freonen-fan-de-klyster\/","og_site_name":"Natuur- en Milieu Educatie Centrum De Klyster","article_publisher":"https:\/\/www.facebook.com\/pages\/category\/Nonprofit-Organization\/De-Klyster-183815865735075\/","article_modified_time":"2026-03-31T07:37:57+00:00","og_image":[{"url":"https:\/\/www.klyster.nl\/wp-content\/uploads\/2022\/03\/logo-freonen-fan-de-klyster-300x238.jpg","type":"","width":"","height":""}],"twitter_card":"summary_large_image","schema":{"@context":"https:\/\/schema.org","@graph":[{"@type":"WebPage","@id":"https:\/\/www.klyster.nl\/fy\/stifting-freonen-fan-de-klyster\/","url":"https:\/\/www.klyster.nl\/fy\/stifting-freonen-fan-de-klyster\/","name":"Stifting Freonen fan De Klyster | Natuur- en Milieu Educatie Centrum De Klyster","isPartOf":{"@id":"https:\/\/www.klyster.nl\/fy\/#website"},"primaryImageOfPage":{"@id":"https:\/\/www.klyster.nl\/fy\/stifting-freonen-fan-de-klyster\/#primaryimage"},"image":{"@id":"https:\/\/www.klyster.nl\/fy\/stifting-freonen-fan-de-klyster\/#primaryimage"},"thumbnailUrl":"https:\/\/www.klyster.nl\/wp-content\/uploads\/2022\/03\/logo-freonen-fan-de-klyster-300x238.jpg","datePublished":"2019-04-09T18:36:24+00:00","dateModified":"2026-03-31T07:37:57+00:00","breadcrumb":{"@id":"https:\/\/www.klyster.nl\/fy\/stifting-freonen-fan-de-klyster\/#breadcrumb"},"inLanguage":"fy","potentialAction":[{"@type":"ReadAction","target":["https:\/\/www.klyster.nl\/fy\/stifting-freonen-fan-de-klyster\/"]}]},{"@type":"ImageObject","inLanguage":"fy","@id":"https:\/\/www.klyster.nl\/fy\/stifting-freonen-fan-de-klyster\/#primaryimage","url":"https:\/\/www.klyster.nl\/wp-content\/uploads\/2022\/03\/logo-freonen-fan-de-klyster-300x238.jpg","contentUrl":"https:\/\/www.klyster.nl\/wp-content\/uploads\/2022\/03\/logo-freonen-fan-de-klyster-300x238.jpg"},{"@type":"BreadcrumbList","@id":"https:\/\/www.klyster.nl\/fy\/stifting-freonen-fan-de-klyster\/#breadcrumb","itemListElement":[{"@type":"ListItem","position":1,"name":"Home","item":"https:\/\/www.klyster.nl\/fy\/"},{"@type":"ListItem","position":2,"name":"Stifting Freonen fan De Klyster"}]},{"@type":"WebSite","@id":"https:\/\/www.klyster.nl\/fy\/#website","url":"https:\/\/www.klyster.nl\/fy\/","name":"Natuur- en Milieu Educatie Centrum De Klyster","description":"It NME-sintrum foar edukaasje yn natuer en duorsumens foar it basis\u00fbnderwiis yn Noardeast-Frysl\u00e2n.","publisher":{"@id":"https:\/\/www.klyster.nl\/fy\/#organization"},"potentialAction":[{"@type":"SearchAction","target":{"@type":"EntryPoint","urlTemplate":"https:\/\/www.klyster.nl\/fy\/?s={search_term_string}"},"query-input":{"@type":"PropertyValueSpecification","valueRequired":true,"valueName":"search_term_string"}}],"inLanguage":"fy"},{"@type":"Organization","@id":"https:\/\/www.klyster.nl\/fy\/#organization","name":"Natuur- en Milieu Educatie Centrum De Klyster","url":"https:\/\/www.klyster.nl\/fy\/","logo":{"@type":"ImageObject","inLanguage":"fy","@id":"https:\/\/www.klyster.nl\/fy\/#\/schema\/logo\/image\/","url":"https:\/\/www.klyster.nl\/wp-content\/uploads\/2020\/03\/Logo-Klyster-NIEUW-scaled.jpg","contentUrl":"https:\/\/www.klyster.nl\/wp-content\/uploads\/2020\/03\/Logo-Klyster-NIEUW-scaled.jpg","width":2560,"height":1345,"caption":"Natuur- en Milieu Educatie Centrum De Klyster"},"image":{"@id":"https:\/\/www.klyster.nl\/fy\/#\/schema\/logo\/image\/"},"sameAs":["https:\/\/www.facebook.com\/pages\/category\/Nonprofit-Organization\/De-Klyster-183815865735075\/","https:\/\/www.instagram.com\/deklyster\/"]}]}},"_links":{"self":[{"href":"https:\/\/www.klyster.nl\/fy\/wp-json\/wp\/v2\/pages\/89073","targetHints":{"allow":["GET"]}}],"collection":[{"href":"https:\/\/www.klyster.nl\/fy\/wp-json\/wp\/v2\/pages"}],"about":[{"href":"https:\/\/www.klyster.nl\/fy\/wp-json\/wp\/v2\/types\/page"}],"author":[{"embeddable":true,"href":"https:\/\/www.klyster.nl\/fy\/wp-json\/wp\/v2\/users\/707"}],"replies":[{"embeddable":true,"href":"https:\/\/www.klyster.nl\/fy\/wp-json\/wp\/v2\/comments?post=89073"}],"version-history":[{"count":7,"href":"https:\/\/www.klyster.nl\/fy\/wp-json\/wp\/v2\/pages\/89073\/revisions"}],"predecessor-version":[{"id":101257,"href":"https:\/\/www.klyster.nl\/fy\/wp-json\/wp\/v2\/pages\/89073\/revisions\/101257"}],"wp:attachment":[{"href":"https:\/\/www.klyster.nl\/fy\/wp-json\/wp\/v2\/media?parent=89073"}],"curies":[{"name":"wp","href":"https:\/\/api.w.org\/{rel}","templated":true}]}}