{"id":89064,"date":"2020-02-02T16:07:29","date_gmt":"2020-02-02T15:07:29","guid":{"rendered":"https:\/\/www.klyster.nl\/?page_id=89064"},"modified":"2025-07-24T16:33:49","modified_gmt":"2025-07-24T14:33:49","slug":"de-wethalders","status":"publish","type":"page","link":"https:\/\/www.klyster.nl\/fy\/de-wethalders\/","title":{"rendered":"De Weth\u00e2lders"},"content":{"rendered":"\n<style type=\"text\/css\" data-created_by=\"avia_inline_auto\" id=\"style-css-av-kf6la2qf-e0702fef410c372aecd63631c4ff8c08\">\n#top .hr.hr-invisible.av-kf6la2qf-e0702fef410c372aecd63631c4ff8c08{\nheight:120px;\n}\n<\/style>\n<div  class='hr av-kf6la2qf-e0702fef410c372aecd63631c4ff8c08 hr-invisible  avia-builder-el-0  el_before_av_one_fifth  avia-builder-el-first '><span class='hr-inner '><span class=\"hr-inner-style\"><\/span><\/span><\/div>\n\n<style type=\"text\/css\" data-created_by=\"avia_inline_auto\" id=\"style-css-av-41s1tv-f9d64279abf8222be32e86215d733950\">\n.flex_column.av-41s1tv-f9d64279abf8222be32e86215d733950{\n-webkit-border-radius:0px 0px 0px 0px;\n-moz-border-radius:0px 0px 0px 0px;\nborder-radius:0px 0px 0px 0px;\npadding:0px 0px 0px 0px;\n}\n<\/style>\n<div class='flex_column av-41s1tv-f9d64279abf8222be32e86215d733950 av_one_fifth  avia-builder-el-1  el_after_av_hr  el_before_av_three_fifth  first flex_column_div av-zero-column-padding '     ><\/div>\n\n<style type=\"text\/css\" data-created_by=\"avia_inline_auto\" id=\"style-css-av-2s9177-60a25aa984feb7579f374c2267d8a2b0\">\n.flex_column.av-2s9177-60a25aa984feb7579f374c2267d8a2b0{\n-webkit-border-radius:0px 0px 0px 0px;\n-moz-border-radius:0px 0px 0px 0px;\nborder-radius:0px 0px 0px 0px;\npadding:0px 0px 0px 0px;\n}\n<\/style>\n<div class='flex_column av-2s9177-60a25aa984feb7579f374c2267d8a2b0 av_three_fifth  avia-builder-el-2  el_after_av_one_fifth  el_before_av_one_fifth  flex_column_div av-zero-column-padding '     ><section  class='av_textblock_section av-junxzk2f-b7928ee369852ad2299e8ab450c19f7e'  itemscope=\"itemscope\" itemtype=\"https:\/\/schema.org\/CreativeWork\" ><div class='avia_textblock'  itemprop=\"text\" ><h1>De Weth\u00e2lders<\/h1>\n<p style=\"font-weight: 400;\">De Klyster is in inisjatyf fan de gemeenten Dantumadiel en Noardeast-Frysl\u00e2n. Eltse gemeente leveret in weth\u00e2lder dy\u2019t natuer- en duorsumensedukaasje yn de portefeuille hat. Dizze weth\u00e2lders binne nau behelle by de Klyster.<\/p>\n<\/div><\/section><\/div>\n\n<style type=\"text\/css\" data-created_by=\"avia_inline_auto\" id=\"style-css-av-cfks0v-7f56b67bc015c02efb6783f212eab635\">\n.flex_column.av-cfks0v-7f56b67bc015c02efb6783f212eab635{\n-webkit-border-radius:0px 0px 0px 0px;\n-moz-border-radius:0px 0px 0px 0px;\nborder-radius:0px 0px 0px 0px;\npadding:0px 0px 0px 0px;\n}\n<\/style>\n<div class='flex_column av-cfks0v-7f56b67bc015c02efb6783f212eab635 av_one_fifth  avia-builder-el-4  el_after_av_three_fifth  el_before_av_section  avia-builder-el-last  flex_column_div av-zero-column-padding '     ><\/div>\n<\/div><\/div><\/div><!-- close content main div --><\/div><\/div><div id='av_section_1'  class='avia-section av-14t7tb-4bb2544270f9c5638d14739cf6b4263d main_color avia-section-default avia-no-border-styling  avia-builder-el-5  el_after_av_one_fifth  avia-builder-el-last  avia-bg-style-scroll container_wrap sidebar_right'  ><div class='container av-section-cont-open' ><div class='template-page content  av-content-small alpha units'><div class='post-entry post-entry-type-page post-entry-89064'><div class='entry-content-wrapper clearfix'>\n\n<style type=\"text\/css\" data-created_by=\"avia_inline_auto\" id=\"style-css-av-96cj0f-9a69c0906a51334ed78c0e82529ae9ed\">\n.flex_column.av-96cj0f-9a69c0906a51334ed78c0e82529ae9ed{\n-webkit-border-radius:0px 0px 0px 0px;\n-moz-border-radius:0px 0px 0px 0px;\nborder-radius:0px 0px 0px 0px;\npadding:0px 0px 0px 0px;\n}\n<\/style>\n<div class='flex_column av-96cj0f-9a69c0906a51334ed78c0e82529ae9ed av_one_half  avia-builder-el-6  el_before_av_one_half  avia-builder-el-first  first flex_column_div av-zero-column-padding '     ><section  class='avia-team-member av-k655s0xg-53e2bd857a0bbf25291f84a048a7a7d6  avia-builder-el-7  avia-builder-el-no-sibling '  itemscope=\"itemscope\" itemtype=\"https:\/\/schema.org\/Person\" ><div class=\"team-img-container\"><img decoding=\"async\" class='wp-image-97996 avia-img-lazy-loading-not-97996 avia_image avia_image_team' src=\"https:\/\/www.klyster.nl\/wp-content\/uploads\/2025\/07\/klyster-wiebe-strikwerda.jpg\" alt='Wiebe Strikwerda'  itemprop=\"image\"   height=\"1000\" width=\"1500\" srcset=\"https:\/\/www.klyster.nl\/wp-content\/uploads\/2025\/07\/klyster-wiebe-strikwerda.jpg 1500w, https:\/\/www.klyster.nl\/wp-content\/uploads\/2025\/07\/klyster-wiebe-strikwerda-300x200.jpg 300w, https:\/\/www.klyster.nl\/wp-content\/uploads\/2025\/07\/klyster-wiebe-strikwerda-1030x687.jpg 1030w, https:\/\/www.klyster.nl\/wp-content\/uploads\/2025\/07\/klyster-wiebe-strikwerda-768x512.jpg 768w, https:\/\/www.klyster.nl\/wp-content\/uploads\/2025\/07\/klyster-wiebe-strikwerda-705x470.jpg 705w\" sizes=\"(max-width: 1500px) 100vw, 1500px\" \/><\/div><h3 class='team-member-name '  itemprop=\"name\" >Wiebe Strikwerda<\/h3><div class='team-member-job-title '  itemprop=\"jobTitle\" >Weth\u00e2lder Dantumadiel<\/div><div class='team-member-description '  itemprop=\"description\" ><p>De natoer is foar my in w\u00fbnder fan gearwurking. Alles hat syn plak, fan it lytste ynsekt oant de grutste beam. It lit \u00fas sjen hoe\u2019t elk skeakel meidocht, krekt sa\u2019t wy minsken ek diel \u00fatmeitsje fan dat grutte gehiel. De natoer is de basis fan \u00fas bestean, en d\u00earom is it goed dat wy der - al op jonge leeftyd - oer leare en har goed begripe.\"<\/p>\n<\/div><span class='hidden team-member-affiliation'  itemprop=\"affiliation\" >Natuur- en Milieu Educatie Centrum De Klyster<\/span><\/section><\/div>\n<style type=\"text\/css\" data-created_by=\"avia_inline_auto\" id=\"style-css-av-av_one_half-f7c1061df29de8cca6b42fcf455fe4a0\">\n.flex_column.av-av_one_half-f7c1061df29de8cca6b42fcf455fe4a0{\n-webkit-border-radius:0px 0px 0px 0px;\n-moz-border-radius:0px 0px 0px 0px;\nborder-radius:0px 0px 0px 0px;\npadding:0px 0px 0px 0px;\n}\n<\/style>\n<div class='flex_column av-av_one_half-f7c1061df29de8cca6b42fcf455fe4a0 av_one_half  avia-builder-el-8  el_after_av_one_half  avia-builder-el-last  flex_column_div av-zero-column-padding '     ><section  class='avia-team-member av-lqdsqnav-ac54cda62f3cbb6ca1105e082f8de4c6  avia-builder-el-9  avia-builder-el-no-sibling '  itemscope=\"itemscope\" itemtype=\"https:\/\/schema.org\/Person\" ><div class=\"team-img-container\"><img decoding=\"async\" class='wp-image-90338 avia-img-lazy-loading-not-90338 avia_image avia_image_team' src=\"https:\/\/www.klyster.nl\/wp-content\/uploads\/2023\/12\/231205-Hanneke-Jouta.jpg\" alt='Hanneke Jouta'  itemprop=\"image\"   height=\"1000\" width=\"1500\" srcset=\"https:\/\/www.klyster.nl\/wp-content\/uploads\/2023\/12\/231205-Hanneke-Jouta.jpg 1500w, https:\/\/www.klyster.nl\/wp-content\/uploads\/2023\/12\/231205-Hanneke-Jouta-300x200.jpg 300w, https:\/\/www.klyster.nl\/wp-content\/uploads\/2023\/12\/231205-Hanneke-Jouta-1030x687.jpg 1030w, https:\/\/www.klyster.nl\/wp-content\/uploads\/2023\/12\/231205-Hanneke-Jouta-768x512.jpg 768w, https:\/\/www.klyster.nl\/wp-content\/uploads\/2023\/12\/231205-Hanneke-Jouta-705x470.jpg 705w\" sizes=\"(max-width: 1500px) 100vw, 1500px\" \/><\/div><h3 class='team-member-name '  itemprop=\"name\" >Hanneke Jouta<\/h3><div class='team-member-job-title '  itemprop=\"jobTitle\" >Weth\u00e2lder Noardeast-Frysl\u00e2n<\/div><div class='team-member-description '  itemprop=\"description\" ><p>\"De natoer, oeral om \u00fas hinne en oh sa wichtich! Hoe mear as wy oer de natoer en it miljeu witte, hoe better as wy it begripe en der op passe sille.<br \/>\nElts moat him der fan bewust w\u00eaze en d\u00ear kinst net jong gen\u00f4ch mei begjinne. De Klyster spilet d\u00ear mei harren edukative programma goed op yn en hat d\u00ear sadwaande in wichtige rol yn.\"<\/p>\n<\/div><span class='hidden team-member-affiliation'  itemprop=\"affiliation\" >Natuur- en Milieu Educatie Centrum De Klyster<\/span><\/section><\/div><\/div><\/div><\/div><!-- close content main div --><\/div><\/div><div id='after_section_1'  class='main_color av_default_container_wrap container_wrap sidebar_right'  ><div class='container av-section-cont-open' ><div class='template-page content  av-content-small alpha units'><div class='post-entry post-entry-type-page post-entry-89064'><div class='entry-content-wrapper clearfix'>\n","protected":false},"excerpt":{"rendered":"","protected":false},"author":707,"featured_media":0,"parent":0,"menu_order":0,"comment_status":"closed","ping_status":"closed","template":"","meta":{"_acf_changed":false,"footnotes":""},"class_list":["post-89064","page","type-page","status-publish","hentry"],"acf":[],"yoast_head":"<!-- This site is optimized with the Yoast SEO plugin v27.4 - https:\/\/yoast.com\/product\/yoast-seo-wordpress\/ -->\n<title>De Weth\u00e2lders | Natuur- en Milieu Educatie Centrum De Klyster<\/title>\n<meta name=\"robots\" content=\"index, follow, max-snippet:-1, max-image-preview:large, max-video-preview:-1\" \/>\n<link rel=\"canonical\" href=\"https:\/\/www.klyster.nl\/fy\/de-wethalders\/\" \/>\n<meta property=\"og:locale\" content=\"en_US\" \/>\n<meta property=\"og:type\" content=\"article\" \/>\n<meta property=\"og:title\" content=\"De Weth\u00e2lders | Natuur- en Milieu Educatie Centrum De Klyster\" \/>\n<meta property=\"og:url\" content=\"https:\/\/www.klyster.nl\/fy\/de-wethalders\/\" \/>\n<meta property=\"og:site_name\" content=\"Natuur- en Milieu Educatie Centrum De Klyster\" \/>\n<meta property=\"article:publisher\" content=\"https:\/\/www.facebook.com\/pages\/category\/Nonprofit-Organization\/De-Klyster-183815865735075\/\" \/>\n<meta property=\"article:modified_time\" content=\"2025-07-24T14:33:49+00:00\" \/>\n<meta name=\"twitter:card\" content=\"summary_large_image\" \/>\n<script type=\"application\/ld+json\" class=\"yoast-schema-graph\">{\"@context\":\"https:\\\/\\\/schema.org\",\"@graph\":[{\"@type\":\"WebPage\",\"@id\":\"https:\\\/\\\/www.klyster.nl\\\/fy\\\/de-wethalders\\\/\",\"url\":\"https:\\\/\\\/www.klyster.nl\\\/fy\\\/de-wethalders\\\/\",\"name\":\"De Weth\u00e2lders | Natuur- en Milieu Educatie Centrum De Klyster\",\"isPartOf\":{\"@id\":\"https:\\\/\\\/www.klyster.nl\\\/fy\\\/#website\"},\"datePublished\":\"2020-02-02T15:07:29+00:00\",\"dateModified\":\"2025-07-24T14:33:49+00:00\",\"breadcrumb\":{\"@id\":\"https:\\\/\\\/www.klyster.nl\\\/fy\\\/de-wethalders\\\/#breadcrumb\"},\"inLanguage\":\"fy\",\"potentialAction\":[{\"@type\":\"ReadAction\",\"target\":[\"https:\\\/\\\/www.klyster.nl\\\/fy\\\/de-wethalders\\\/\"]}]},{\"@type\":\"BreadcrumbList\",\"@id\":\"https:\\\/\\\/www.klyster.nl\\\/fy\\\/de-wethalders\\\/#breadcrumb\",\"itemListElement\":[{\"@type\":\"ListItem\",\"position\":1,\"name\":\"Home\",\"item\":\"https:\\\/\\\/www.klyster.nl\\\/fy\\\/\"},{\"@type\":\"ListItem\",\"position\":2,\"name\":\"De Weth\u00e2lders\"}]},{\"@type\":\"WebSite\",\"@id\":\"https:\\\/\\\/www.klyster.nl\\\/fy\\\/#website\",\"url\":\"https:\\\/\\\/www.klyster.nl\\\/fy\\\/\",\"name\":\"Natuur- en Milieu Educatie Centrum De Klyster\",\"description\":\"It NME-sintrum foar edukaasje yn natuer en duorsumens foar it basis\u00fbnderwiis yn Noardeast-Frysl\u00e2n.\",\"publisher\":{\"@id\":\"https:\\\/\\\/www.klyster.nl\\\/fy\\\/#organization\"},\"potentialAction\":[{\"@type\":\"SearchAction\",\"target\":{\"@type\":\"EntryPoint\",\"urlTemplate\":\"https:\\\/\\\/www.klyster.nl\\\/fy\\\/?s={search_term_string}\"},\"query-input\":{\"@type\":\"PropertyValueSpecification\",\"valueRequired\":true,\"valueName\":\"search_term_string\"}}],\"inLanguage\":\"fy\"},{\"@type\":\"Organization\",\"@id\":\"https:\\\/\\\/www.klyster.nl\\\/fy\\\/#organization\",\"name\":\"Natuur- en Milieu Educatie Centrum De Klyster\",\"url\":\"https:\\\/\\\/www.klyster.nl\\\/fy\\\/\",\"logo\":{\"@type\":\"ImageObject\",\"inLanguage\":\"fy\",\"@id\":\"https:\\\/\\\/www.klyster.nl\\\/fy\\\/#\\\/schema\\\/logo\\\/image\\\/\",\"url\":\"https:\\\/\\\/www.klyster.nl\\\/wp-content\\\/uploads\\\/2020\\\/03\\\/Logo-Klyster-NIEUW-scaled.jpg\",\"contentUrl\":\"https:\\\/\\\/www.klyster.nl\\\/wp-content\\\/uploads\\\/2020\\\/03\\\/Logo-Klyster-NIEUW-scaled.jpg\",\"width\":2560,\"height\":1345,\"caption\":\"Natuur- en Milieu Educatie Centrum De Klyster\"},\"image\":{\"@id\":\"https:\\\/\\\/www.klyster.nl\\\/fy\\\/#\\\/schema\\\/logo\\\/image\\\/\"},\"sameAs\":[\"https:\\\/\\\/www.facebook.com\\\/pages\\\/category\\\/Nonprofit-Organization\\\/De-Klyster-183815865735075\\\/\",\"https:\\\/\\\/www.instagram.com\\\/deklyster\\\/\"]}]}<\/script>\n<!-- \/ Yoast SEO plugin. -->","yoast_head_json":{"title":"De Weth\u00e2lders | Natuur- en Milieu Educatie Centrum De Klyster","robots":{"index":"index","follow":"follow","max-snippet":"max-snippet:-1","max-image-preview":"max-image-preview:large","max-video-preview":"max-video-preview:-1"},"canonical":"https:\/\/www.klyster.nl\/fy\/de-wethalders\/","og_locale":"en_US","og_type":"article","og_title":"De Weth\u00e2lders | Natuur- en Milieu Educatie Centrum De Klyster","og_url":"https:\/\/www.klyster.nl\/fy\/de-wethalders\/","og_site_name":"Natuur- en Milieu Educatie Centrum De Klyster","article_publisher":"https:\/\/www.facebook.com\/pages\/category\/Nonprofit-Organization\/De-Klyster-183815865735075\/","article_modified_time":"2025-07-24T14:33:49+00:00","twitter_card":"summary_large_image","schema":{"@context":"https:\/\/schema.org","@graph":[{"@type":"WebPage","@id":"https:\/\/www.klyster.nl\/fy\/de-wethalders\/","url":"https:\/\/www.klyster.nl\/fy\/de-wethalders\/","name":"De Weth\u00e2lders | Natuur- en Milieu Educatie Centrum De Klyster","isPartOf":{"@id":"https:\/\/www.klyster.nl\/fy\/#website"},"datePublished":"2020-02-02T15:07:29+00:00","dateModified":"2025-07-24T14:33:49+00:00","breadcrumb":{"@id":"https:\/\/www.klyster.nl\/fy\/de-wethalders\/#breadcrumb"},"inLanguage":"fy","potentialAction":[{"@type":"ReadAction","target":["https:\/\/www.klyster.nl\/fy\/de-wethalders\/"]}]},{"@type":"BreadcrumbList","@id":"https:\/\/www.klyster.nl\/fy\/de-wethalders\/#breadcrumb","itemListElement":[{"@type":"ListItem","position":1,"name":"Home","item":"https:\/\/www.klyster.nl\/fy\/"},{"@type":"ListItem","position":2,"name":"De Weth\u00e2lders"}]},{"@type":"WebSite","@id":"https:\/\/www.klyster.nl\/fy\/#website","url":"https:\/\/www.klyster.nl\/fy\/","name":"Natuur- en Milieu Educatie Centrum De Klyster","description":"It NME-sintrum foar edukaasje yn natuer en duorsumens foar it basis\u00fbnderwiis yn Noardeast-Frysl\u00e2n.","publisher":{"@id":"https:\/\/www.klyster.nl\/fy\/#organization"},"potentialAction":[{"@type":"SearchAction","target":{"@type":"EntryPoint","urlTemplate":"https:\/\/www.klyster.nl\/fy\/?s={search_term_string}"},"query-input":{"@type":"PropertyValueSpecification","valueRequired":true,"valueName":"search_term_string"}}],"inLanguage":"fy"},{"@type":"Organization","@id":"https:\/\/www.klyster.nl\/fy\/#organization","name":"Natuur- en Milieu Educatie Centrum De Klyster","url":"https:\/\/www.klyster.nl\/fy\/","logo":{"@type":"ImageObject","inLanguage":"fy","@id":"https:\/\/www.klyster.nl\/fy\/#\/schema\/logo\/image\/","url":"https:\/\/www.klyster.nl\/wp-content\/uploads\/2020\/03\/Logo-Klyster-NIEUW-scaled.jpg","contentUrl":"https:\/\/www.klyster.nl\/wp-content\/uploads\/2020\/03\/Logo-Klyster-NIEUW-scaled.jpg","width":2560,"height":1345,"caption":"Natuur- en Milieu Educatie Centrum De Klyster"},"image":{"@id":"https:\/\/www.klyster.nl\/fy\/#\/schema\/logo\/image\/"},"sameAs":["https:\/\/www.facebook.com\/pages\/category\/Nonprofit-Organization\/De-Klyster-183815865735075\/","https:\/\/www.instagram.com\/deklyster\/"]}]}},"_links":{"self":[{"href":"https:\/\/www.klyster.nl\/fy\/wp-json\/wp\/v2\/pages\/89064","targetHints":{"allow":["GET"]}}],"collection":[{"href":"https:\/\/www.klyster.nl\/fy\/wp-json\/wp\/v2\/pages"}],"about":[{"href":"https:\/\/www.klyster.nl\/fy\/wp-json\/wp\/v2\/types\/page"}],"author":[{"embeddable":true,"href":"https:\/\/www.klyster.nl\/fy\/wp-json\/wp\/v2\/users\/707"}],"replies":[{"embeddable":true,"href":"https:\/\/www.klyster.nl\/fy\/wp-json\/wp\/v2\/comments?post=89064"}],"version-history":[{"count":6,"href":"https:\/\/www.klyster.nl\/fy\/wp-json\/wp\/v2\/pages\/89064\/revisions"}],"predecessor-version":[{"id":98002,"href":"https:\/\/www.klyster.nl\/fy\/wp-json\/wp\/v2\/pages\/89064\/revisions\/98002"}],"wp:attachment":[{"href":"https:\/\/www.klyster.nl\/fy\/wp-json\/wp\/v2\/media?parent=89064"}],"curies":[{"name":"wp","href":"https:\/\/api.w.org\/{rel}","templated":true}]}}